{"id":13609,"date":"2014-03-25T08:51:22","date_gmt":"2014-03-25T08:51:22","guid":{"rendered":"http:\/\/demo.buzzonakimi.com\/affle\/?page_id=13609"},"modified":"2026-03-05T14:31:10","modified_gmt":"2026-03-05T12:31:10","slug":"kunden-2","status":"publish","type":"page","link":"https:\/\/www.baeckerei-brunner.it\/ratschings-ridnaun\/kunden-2\/","title":{"rendered":"Kunden"},"content":{"rendered":"<div class=\"wpb-content-wrapper\"><p>[vc_row type=&#8220;grid&#8220; background_color=&#8220;#ffffff&#8220; padding_top=&#8220;87&#8243; padding_bottom=&#8220;15&#8243;][vc_column][vc_column_text]<\/p>\n<h2 style=\"text-align: center;\">Unsere Kunden<\/h2>\n<p>[\/vc_column_text][vc_column_text]<\/p>\n<p style=\"text-align: center;\">Wir beliefern s\u00e4mtliche Hotels und Pensionen im Ratschingser Ridnauntal<br \/>\nsowie einige weitere Beherbergungsbetriebe in der Gemeinde Ratschings mit unseren Produkten.<br \/>\nUnsere Abnehmer sch\u00e4tzen die Qualit\u00e4t aus S\u00fcdtirol und die Vielfalt des Sortiments aus unserem B\u00e4ckereibetrieb.<\/p>\n<p style=\"text-align: center;\"><strong>Unsere Spezialbrote, das Sch\u00fcttel- und Gramblbrot k\u00f6nnen Sie bei folgenden Betrieben finden:<\/strong><\/p>\n<p>[\/vc_column_text][\/vc_column][\/vc_row][vc_row type=&#8220;grid&#8220; background_color=&#8220;#ffffff&#8220; padding_bottom=&#8220;30&#8243;][vc_column width=&#8220;1\/2&#8243;][vc_accordion style=&#8220;boxed_toggle&#8220; title=&#8220;Wiesen\/Pfitsch&#8220;][vc_accordion_tab title=&#8220;WIESEN\/PFITSCH&#8220;][vc_column_text]<\/p>\n<p style=\"text-align: center;\"><strong>HOFER MARKET<\/strong><br \/>\nBrennerstra\u00dfe 21<br \/>\nTel. +39 0472 765152<br \/>\n<a href=\"mailto:info@hofermarket.it\" target=\"_blank\" rel=\"noopener\">info@hofermarket.it<\/a><br \/>\n<a href=\"http:\/\/www.hofermarket.it\" target=\"_blank\" rel=\"noopener\">www.hofermarket.it<\/a><\/p>\n<hr \/>\n<p style=\"text-align: center;\"><strong>DORFLADELE<\/strong><br \/>\nWiesen &#8211; Thurnerweg 75<br \/>\nTel. +39 0472 779153<br \/>\n<a href=\"mailto:dorfladele@rolmail.net\" target=\"_blank\" rel=\"noopener\">dorfladele@rolmail.net<\/a><\/p>\n<hr \/>\n<p style=\"text-align: center;\"><strong>RESTAURANT PRETZHOF<\/strong><br \/>\nTulfer 259<br \/>\nTel.: +39 0472 764455<br \/>\n<a href=\"mailto:info@pretzhof.com\" target=\"_blank\" rel=\"noopener\">info@pretzhof.com<\/a><br \/>\n<a href=\"http:\/\/www.pretzhof.com\" target=\"_blank\" rel=\"noopener\">www.pretzhof.com<\/a><\/p>\n<p>[\/vc_column_text][\/vc_accordion_tab][vc_accordion_tab title=&#8220;RATSCHINGS&#8220;][vc_column_text]<\/p>\n<p style=\"text-align: center;\"><strong>Gemischtwarenhandlung Girtler Richard<br \/>\n<\/strong>Jaufental 2<br \/>\nTel. 0472 765025<strong><br \/>\n<\/strong><\/p>\n<hr \/>\n<p style=\"text-align: center;\"><strong>Market Trenkwalder<\/strong><br \/>\nMareit 8<br \/>\nTel. +39 0472 758201<br \/>\n<a href=\"mailto:peter.trenkwalder@alice.it\">peter.trenkwalder@alice.it<\/a><\/p>\n<p>[\/vc_column_text][\/vc_accordion_tab][vc_accordion_tab title=&#8220;EISACKTAL&#8220;][vc_column_text css=&#8220;&#8220;]<\/p>\n<p style=\"text-align: center;\"><strong>Bar Ladestatt \u2013 Wild und W\u00fcrzig<\/strong><br \/>\nNatz-Schabs, Pustertaler Stra\u00dfe<br \/>\nTel. 393 2355744<\/p>\n<hr \/>\n<p style=\"text-align: center;\"><strong>Siebenf\u00f6rcher<\/strong><br \/>\nAltenmarktgasse 22<br \/>\n39042 Brixen<br \/>\nTel.: 0472 835681<\/p>\n<hr \/>\n<p style=\"text-align: center;\"><strong>Nahversorgungsgenossenschaft S\u00fcdtirol<\/strong><br \/>\n<strong> Filiale Vahrn<\/strong><br \/>\nDorfstra\u00dfe 17<br \/>\n39040 Vahrn<br \/>\nTel. 0472 269010<br \/>\n<a href=\"mailto:vahrn@naves.it\">vahrn@naves.it<\/a><\/p>\n<p>[\/vc_column_text][\/vc_accordion_tab][vc_accordion_tab title=&#8220;GADERTAL&#8220;][vc_column_text]<\/p>\n<p style=\"text-align: center;\"><strong><span class=\"KundenName\">Conad City<\/span><\/strong><br \/>\nStrada Colz 56, Stern \u2013 La Villa<br \/>\n39030 Badia<br \/>\n<a class=\"ExternerLink\" href=\"mailto:ali@nopi.info\" target=\"_blank\" rel=\"noopener\">ali@nopi.info<\/a><\/p>\n<hr \/>\n<p style=\"text-align: center;\"><strong><span class=\"KundenName\">I Dolci di Ricky<\/span><\/strong><br \/>\nPedraces 17<br \/>\nTel. +39 0471 838018<br \/>\n<a class=\"ExternerLink\" href=\"mailto:wieser.richard@rolmail.net\">wieser.richard@rolmail.net<\/a><br \/>\n<a class=\"ExternerLink\" href=\"http:\/\/www.idolcidiricky.it\" target=\"_blank\" rel=\"noopener\">www.idolcidiricky.it<\/a><\/p>\n<p>[\/vc_column_text][\/vc_accordion_tab][vc_accordion_tab title=&#8220;AHRNTAL&#8220;][vc_column_text]<\/p>\n<p style=\"text-align: center;\"><strong><span class=\"KundenName\">GOL MARKET HILDEGARD STIFTER<\/span><\/strong><br \/>\nAhrner Strasse 18<br \/>\nTel. +39 0474 671138<br \/>\n<a class=\"ExternerLink\" href=\"mailto:golmarket-stifter@rolmail.net\">golmarket-stifter@rolmail.net<\/a><\/p>\n<p>[\/vc_column_text][\/vc_accordion_tab][vc_accordion_tab title=&#8220;MERAN\/LANA&#8220;][vc_column_text]<\/p>\n<p style=\"text-align: center;\"><strong><span class=\"KundenName\">G. Siebenf\u00f6rcher &#8211; Meran<\/span><\/strong><br \/>\nMetzgerei &amp; Feinkost<br \/>\nMeran Zentrum &#8211; Lauben 164<br \/>\nTel. +39 0473 236 274<br \/>\n<a class=\"ExternerLink\" href=\"mailto:shop@siebenfoercher.it\">shop@siebenfoercher.it<\/a><\/p>\n<hr \/>\n<p style=\"text-align: center;\"><strong><span class=\"KundenName\">Sennerei Algund<\/span><\/strong><br \/>\nPlars 29<br \/>\n39022 Algund<br \/>\nTel. 0473 448710<br \/>\n<a class=\"ExternerLink\" href=\"https:\/\/www.sennereialgund.it\/\" target=\"_blank\" rel=\"noopener\">www.sennereialgund.it<\/a><\/p>\n<p>[\/vc_column_text][\/vc_accordion_tab][vc_accordion_tab title=&#8220;GR\u00d6DEN&#8220;][vc_column_text css=&#8220;&#8220;]<\/p>\n<p style=\"text-align: center;\"><strong><span class=\"KundenName\">Supermarkt Senoner Despar <\/span><\/strong><br \/>\nStr. Meisules, 111<br \/>\n39048 Selva di Val Gardena<br \/>\nTel.: 0471 795128<\/p>\n<hr \/>\n<p style=\"text-align: center;\"><strong><span class=\"KundenName\">s\u2019 Local<\/span><\/strong><br \/>\nDursan Str. 37 a,<br \/>\n39047 St. Christina<br \/>\n<a class=\"ExternerLink\" href=\"http:\/\/www.shop-local.it\" target=\"_blank\" rel=\"noopener\">www.shop-local.it<\/a><\/p>\n<p>&nbsp;<\/p>\n<p>[\/vc_column_text][\/vc_accordion_tab][vc_accordion_tab title=&#8220;SARNTAL&#8220;][vc_column_text css=&#8220;&#8220;]<\/p>\n<p style=\"text-align: center;\"><strong><span class=\"KundenName\">KAUFHAUS ROTT<\/span><\/strong><br \/>\nKirchplatz 7-9<br \/>\nI-39058 Sarnthein<br \/>\nTel. 0471 623137<br \/>\n<a class=\"ExternerLink\" href=\"mailto:info@kaufhausrott.it\">info@kaufhausrott.it<\/a><\/p>\n<p>[\/vc_column_text][\/vc_accordion_tab][vc_accordion_tab title=&#8220;VINSCHGAU&#8220;][vc_column_text]<\/p>\n<p style=\"text-align: center;\"><strong>Despar Pinggera Schluderns<\/strong><br \/>\nVinschgauer Stra\u00dfe<br \/>\n39020 Schluderns<br \/>\nTel. +39 0473 538010<\/p>\n<p>[\/vc_column_text][\/vc_accordion_tab][vc_accordion_tab title=&#8220;OESTERREICH&#8220;][vc_column_text css=&#8220;&#8220;]<\/p>\n<p style=\"text-align: center;\"><strong>Pure Luxury<\/strong><br \/>\nGerlos 146<br \/>\n6281 Gerlos<br \/>\nTel. 0043 680 3287173<br \/>\n<a href=\"http:\/\/pureluxury.love\" target=\"_blank\" rel=\"noopener\">pureluxury.love<\/a><\/p>\n<hr \/>\n<p style=\"text-align: center;\"><strong>Wine-gourmet food \u2013 bistrot LaMonte<\/strong><br \/>\nMaurachfeld 1,<br \/>\n6370 Kitzb\u00fchel<br \/>\nTel: +43 5356 20910<br \/>\n<a href=\"http:\/\/www.lamonte.com\" target=\"_blank\" rel=\"noopener\">www.lamonte.com<\/a><\/p>\n<hr \/>\n<p style=\"text-align: center;\"><strong>Plangger Delikatessen Pfunds<\/strong><br \/>\nPostplatz 34<br \/>\n6542 Pfunds<br \/>\n+43 (0) 5474\/5216-3<br \/>\n<a href=\"https:\/\/www.plangger.net\" target=\"_blank\" rel=\"noopener\">www.plangger.net<\/a><\/p>\n<hr \/>\n<p style=\"text-align: center;\"><strong>Plangger Delikatessen Ischgl<\/strong><br \/>\nDorfstra\u00dfe 79<br \/>\n6561 Ischgl<br \/>\n<a href=\"https:\/\/www.plangger.net\" target=\"_blank\" rel=\"noopener\">www.plangger.net<\/a><\/p>\n<hr \/>\n<p style=\"text-align: center;\"><strong>Plangger Delikatessen Serfaus<\/strong><br \/>\nLandhaus Schwarz<br \/>\nUntere Dorfstra\u00dfe 28<br \/>\n6534 Serfaus<br \/>\n<a href=\"https:\/\/www.plangger.net\" target=\"_blank\" rel=\"noopener\">www.plangger.net<\/a><\/p>\n<hr \/>\n<p style=\"text-align: center;\"><strong>Plangger Delikatessen St. Anton <\/strong><br \/>\nDorfstra\u00dfe 32<br \/>\n6580 St. Anton<br \/>\n<a href=\"https:\/\/www.plangger.net\" target=\"_blank\" rel=\"noopener\">www.plangger.net<\/a><\/p>\n<hr \/>\n<p style=\"text-align: center;\"><strong>Plangger Delikatessen S\u00f6lden<\/strong><br \/>\nDorfstra\u00dfe 120<br \/>\n6450 S\u00f6lden<br \/>\n<a href=\"https:\/\/www.plangger.net\" target=\"_blank\" rel=\"noopener\">www.plangger.net<\/a><\/p>\n<hr \/>\n<p style=\"text-align: center;\"><strong>Plangger Delikatessen Kitzb\u00fchel<\/strong><br \/>\nIm Gries 20<br \/>\n6370 Kitzb\u00fchel<br \/>\n<a href=\"https:\/\/www.plangger.net\" target=\"_blank\" rel=\"noopener\">www.plangger.net<\/a><\/p>\n<hr \/>\n<p style=\"text-align: center;\"><strong>Plangger Delikatessen Oetz<\/strong><br \/>\nHauptstra\u00dfe 41<br \/>\n6433 Oetz<br \/>\n<a href=\"https:\/\/www.plangger.net\" target=\"_blank\" rel=\"noopener\">www.plangger.net<\/a><\/p>\n<hr \/>\n<p style=\"text-align: center;\"><strong>Speckeria<\/strong><br \/>\nHofgasse 3<br \/>\nA-6020 Innsbruck<br \/>\nTel. +43 512 562068<\/p>\n<hr \/>\n<p style=\"text-align: center;\"><strong>Gesch\u00e4ft Dorfb\u00e4ckerei &amp; Cafe<\/strong><br \/>\nLanersbach 380<br \/>\nA-6293 Tux<br \/>\nTel. +43 664 12390-11<br \/>\nFax +43 5287 87218-22<br \/>\n<a href=\"http:\/\/www.breze.at\" target=\"_blank\" rel=\"noopener\">www.breze.at<\/a><\/p>\n<p>[\/vc_column_text][\/vc_accordion_tab][\/vc_accordion][\/vc_column][vc_column width=&#8220;1\/2&#8243;][vc_accordion active_tab=&#8220;0&#8243; style=&#8220;boxed_toggle&#8220; title=&#8220;Sterzing&#8220;][vc_accordion_tab title=&#8220;STERZING&#8220;][vc_column_text css=&#8220;&#8220;]<\/p>\n<p style=\"text-align: center;\"><strong>Milchhof Sterzing<\/strong><br \/>\nNeustadt 18<br \/>\nTel. 0472 765272<\/p>\n<hr \/>\n<p style=\"text-align: center;\"><strong>Gemischtwaren Gschwenter<\/strong><br \/>\nAltstadt 22<br \/>\nTel. 0472 765233<\/p>\n<hr \/>\n<p style=\"text-align: center;\"><strong>Feinkostladen \u201eGut &amp; Gerne\u201c<\/strong><br \/>\nNeustadt 32-A<br \/>\nTel. +39 0472 762750<br \/>\n<a href=\"http:\/\/www.gutundgerne.it\" target=\"_blank\" rel=\"noopener\">www.gutundgerne.it<\/a><\/p>\n<hr \/>\n<p style=\"text-align: center;\">\u00a0 <strong>Metzgerei Frick<\/strong><br \/>\nUntertorplatz 5f<br \/>\nTel. +39 0472 764937<br \/>\n<a href=\"http:\/\/www.frick.bz.it\" target=\"_blank\" rel=\"noopener\">www.frick.bz.it<\/a><\/p>\n<hr \/>\n<p style=\"text-align: center;\"><strong>MAIR MAIR<\/strong><br \/>\nAltstadt 1<br \/>\nTel. +39 0472 765386<br \/>\n<a href=\"mailto:info@mair-mair.it\" target=\"_blank\" rel=\"noopener\">info@mair-mair.it<\/a><br \/>\n<a href=\"http:\/\/www.mair-mair.it\" target=\"_blank\" rel=\"noopener\">www.mair-mair.it<\/a><\/p>\n<hr \/>\n<p style=\"text-align: center;\"><strong>MILCHHOF STERZING<\/strong><br \/>\nJaufenpass-Stra\u00dfe 108<br \/>\nTel. +39 0472 764155<br \/>\n<a href=\"mailto:info@milchhof-sterzing.it\" target=\"_blank\" rel=\"noopener\">info@milchhof-sterzing.it<\/a><br \/>\n<a href=\"http:\/\/www.milchhof-sterzing.it\" target=\"_blank\" rel=\"noopener\">www.milchhof-sterzing.it<\/a><\/p>\n<hr \/>\n<p style=\"text-align: center;\"><strong>SPAR KNOLLENBERGER<\/strong><br \/>\nG\u00e4nsbacherstra\u00dfe 10<br \/>\nTel. +39 0472 765292<br \/>\n<a href=\"mailto:info@knollenberger.it\" target=\"_blank\" rel=\"noopener\">info@knollenberger.it<\/a><br \/>\n<a href=\"http:\/\/www.knollenberger.it\" target=\"_blank\" rel=\"noopener\">www.knollenberger.it<\/a><\/p>\n<p>[\/vc_column_text][\/vc_accordion_tab][vc_accordion_tab title=&#8220;FREIENFELD&#8220;][vc_column_text]<\/p>\n<p style=\"text-align: center;\"><strong><span class=\"KundenName\">Luhn Market<\/span><\/strong><br \/>\nInnozenz Barat Stra\u00dfe 34 \u2013 Trens<br \/>\n39040 Freienfeld<br \/>\nTel. 0472 649008<br \/>\n<a class=\"ExternerLink\" href=\"mailto:luhn.market@dnet.it\">luhn.market@dnet.it<\/a><br \/>\n<a href=\"http:\/\/www.luhnsupermarkt.com\" target=\"_blank\" rel=\"noopener\">www.luhnsupermarkt.com<\/a><\/p>\n<hr \/>\n<p style=\"text-align: center;\"><strong><span class=\"KundenName\">Wipplamb<\/span><\/strong><br \/>\nSprechenstein11<br \/>\n39040 Freienfeld<br \/>\nTel. 0472 764858<br \/>\n<a class=\"ExternerLink\" href=\"mailto:info@wipplamb.com\">info@wipplamb.com<\/a><br \/>\n<a href=\"http:\/\/www.wipplamb.com\" target=\"_blank\" rel=\"noopener\">www.wipplamb.com<\/a><\/p>\n<p>[\/vc_column_text][\/vc_accordion_tab][vc_accordion_tab title=&#8220;GOSSENSASS&#8220;][vc_column_text][\/vc_column_text][\/vc_accordion_tab][vc_accordion_tab title=&#8220;PUSTERTAL&#8220;][vc_column_text css=&#8220;&#8220;]<\/p>\n<p style=\"text-align: center;\"><strong><span class=\"KundenName\">Flora Gourmet<br \/>\n<\/span><\/strong><span class=\"KundenName\">Peter Paul Rainer Str. 7<\/span><span class=\"KundenName\"><br \/>\n39038 Innichen<br \/>\nTel. 0414 250348<br \/>\n<a href=\"mailto:gourmet@orsohotel.it\">gourmet@orsohotel.it<\/a><\/span><\/p>\n<hr \/>\n<p style=\"text-align: center;\"><strong><span class=\"KundenName\">Harpf Getr\u00e4nkeladen<br \/>\n<\/span><\/strong><span class=\"KundenName\">Stadtgasse 53a<\/span><span class=\"KundenName\"><br \/>\n39031 Bruneck<br \/>\nTel. 0474 537131<br \/>\n<a href=\"mailto:getraenkeladen@harpf.it\">getraenkeladen@harpf.it<\/a><\/span><\/p>\n<hr \/>\n<p style=\"text-align: center;\"><strong><span class=\"KundenName\">METZGEREI WEISSTEINER KARL HEINZ<\/span><\/strong><br \/>\nFRAU EMMA STRASSE 12<br \/>\n39040 NIEDERDORF<br \/>\nTel. 0474-745110<\/p>\n<p>[\/vc_column_text][\/vc_accordion_tab][vc_accordion_tab title=&#8220;BOZEN&#8220;][vc_column_text]<\/p>\n<p style=\"text-align: center;\"><strong>S\u00fcdtirol Products<\/strong><br \/>\nSchlernstra\u00dfe 39<br \/>\n39040 Seis am Schlern<\/p>\n<hr \/>\n<p>[\/vc_column_text][\/vc_accordion_tab][vc_accordion_tab title=&#8220;UEBERETSCH&#8220;][vc_column_text css=&#8220;&#8220;]<\/p>\n<p style=\"text-align: center;\"><strong>Vis \u00e1 Vis Enothek<\/strong><br \/>\nPaulser Platz 16<br \/>\n39057 St. Pauls, Eppan<br \/>\nTel.: 339 369 9971<\/p>\n<hr \/>\n<p style=\"text-align: center;\"><strong>Hannes Mair &#8211; Metzgerei &amp; Feinkost<\/strong><br \/>\nHauptstra\u00dfe 9<br \/>\n39018 Terlan<br \/>\n<a href=\"https:\/\/www.hannesmair.com\" target=\"_blank\" rel=\"noopener\">www.hannesmair.com<\/a><\/p>\n<hr \/>\n<p style=\"text-align: center;\"><strong>MatanerBROT<\/strong><br \/>\nKirchplatz 1<br \/>\n39040 Montan<\/p>\n<hr \/>\n<p style=\"text-align: center;\"><strong>MatanerBROT<\/strong><br \/>\nFleimstalerst. 2<br \/>\n39044 Neumarkt<\/p>\n<hr \/>\n<p style=\"text-align: center;\"><strong>MEBO- RAST<\/strong><br \/>\nMEBO km 221 \u2013 1 km vor Ausfahrt Eppan<br \/>\n39052 Kaltern an der Weinstra\u00dfe<br \/>\nTel. 0471-633680<br \/>\n<a href=\"mailto:info@meborast.eu\">info@meborast.eu<\/a><\/p>\n<hr \/>\n<p style=\"text-align: center;\"><strong>Peter S\u00f6lva &amp; S\u00f6hne<\/strong><br \/>\nVinothek, Goldgasse, 33,<br \/>\n39052 Kaltern an der Weinstra\u00dfe<br \/>\nTel. 0471 964650<\/p>\n<p>[\/vc_column_text][\/vc_accordion_tab][vc_accordion_tab title=&#8220;ST. VIGIL \/ ENNEBERG&#8220;][vc_column_text]<\/p>\n<p style=\"text-align: center;\"><strong>L\u2019Apetit \u2013 Bistrot<\/strong><br \/>\nKatharina Lanz Str. 6<br \/>\n39030 St. Vigl<br \/>\nTel. 0474 501040<br \/>\n<a class=\"ExternerLink\" href=\"mailto:pisching.wolfi@rolmail.net\">pisching.wolfi@rolmail.net<\/a><\/p>\n<hr \/>\n<p>[\/vc_column_text][\/vc_accordion_tab][vc_accordion_tab title=&#8220;DEUTSCHLAND&#8220;][vc_column_text css=&#8220;&#8220;]<\/p>\n<p style=\"text-align: center;\"><strong>Restaurant \u201eDas Obers\u201c<\/strong><br \/>\nGernerstra\u00dfe 48<br \/>\n80638 M\u00fcnchen,<br \/>\nTel.+49 89 92744428<br \/>\n<a href=\"https:\/\/www.dasobers.de\/\">www.dasobers.de<\/a><\/p>\n<hr \/>\n<p style=\"text-align: center;\"><strong>Pela Antipastibar<\/strong><br \/>\nAlfonsstrasse 9<br \/>\nD-80636 M\u00fcnchen<br \/>\nTel.+49 178 2750 540<br \/>\n<a href=\"mailto:walli.hofer@gmail.com\">walli.hofer@gmail.com<\/a><\/p>\n<hr \/>\n<p style=\"text-align: center;\"><strong>M\u00dcSSLE GASTRONOMIE UND EVENT GMBH<\/strong><br \/>\nWestliche Karl-Friedrich-Str. 56<br \/>\n75172 Pforzheim<br \/>\nTel. +49 (07231) 15403-0<br \/>\n<a href=\"https:\/\/muessle-spezialitaeten.de\/\" target=\"_blank\" rel=\"noopener\">www.muessle-spezialitaeten.de<\/a><\/p>\n<hr \/>\n<p style=\"text-align: center;\"><strong>Keller<\/strong><br \/>\nFleisch.Feinkost.Traditionelles<br \/>\nGro\u00dfer Anger, 3<br \/>\n85416 Langenbach<br \/>\nTel. 0049 8761 76 76 0<br \/>\n<a href=\"mailto:info@feinkost-keller.com\">info@feinkost-keller.com<\/a><\/p>\n<hr \/>\n<p style=\"text-align: center;\"><strong>KNAPP<\/strong> Gourmetinsel<br \/>\nGutenbergstr. 6<br \/>\n71120 Grafenau-D\u00f6ffingen<br \/>\nTel. +49 (0)7033 46566-0<br \/>\n<a href=\"mailto:info@knapp24.com\">info@knapp24.com<\/a><\/p>\n<hr \/>\n<p style=\"text-align: center;\"><strong>Villinger feinekost &#8211; bistrot<\/strong><br \/>\nHauptstrasse 6 -Am M\u00fcnsterplatz<br \/>\nD-79822 Titisee-Neustadt<br \/>\nTel.: 07651-1401<br \/>\n<a href=\"http:\/\/www.feinkost-villinger.de\" target=\"_blank\" rel=\"noopener\">www.feinkost-villinger.de<\/a><\/p>\n<hr \/>\n<p style=\"text-align: center;\"><strong>WEINroom<\/strong><br \/>\nStefan Zierer<br \/>\nAltstadt 28<br \/>\nD-84028 Landshut<br \/>\nTel. +49 (0)871\/97460199<br \/>\n<a href=\"mailto:zierer@weinroom.de\">zierer@weinroom.de<\/a><\/p>\n<hr \/>\n<p style=\"text-align: center;\"><strong>HEIDERBECK<\/strong><br \/>\nHeiderbeck GmbH<br \/>\nGewerbering 4<br \/>\nD-82140 Olching<br \/>\nTel.: +49 (0)8142 44567 0<br \/>\n<a title=\"Heiderbeck\" href=\"http:\/\/www.heiderbeck.com\" target=\"_blank\" rel=\"noopener\">www.heiderbeck.com<\/a><\/p>\n<hr \/>\n<p style=\"text-align: center;\"><strong>TISCHLEIN DECK DICH<\/strong><br \/>\nMartin Stoll<br \/>\nM\u00fchltalstra\u00dfe 17<br \/>\nD-69121 Heidelberg<br \/>\nTel.: +49 (0)6221 437300<br \/>\n<a href=\"mailto:stoll.tischlein@gmail.com\">stoll.tischlein@gmail.com<\/a><\/p>\n<hr \/>\n<p style=\"text-align: center;\"><strong>BERGWEIN<\/strong><\/p>\n<p style=\"text-align: center;\">Corneliusstra\u00dfe 18<br \/>\nD-80469 M\u00fcnchen<br \/>\nMobil: +49 176 22893352<br \/>\n<a href=\"mailto:post@bergwein.com\" target=\"_blank\" rel=\"noopener\">post@bergwein.com<\/a><br \/>\n<a href=\"http:\/\/www.bergwein.com\" target=\"_blank\" rel=\"noopener\">www.bergwein.com<\/a><\/p>\n<hr \/>\n<p style=\"text-align: center;\"><strong>BERTENBAUEN HOFLADEN<\/strong><br \/>\nM\u00dcNCHNER STRASSE<br \/>\nD-83623 DIETRAMSZELL<br \/>\nMobil: +49 8027 180682<\/p>\n<hr \/>\n<p style=\"text-align: center;\"><strong>MUSEUMSST\u00dcBERL<\/strong><br \/>\nSpirknerstra\u00dfe 9<br \/>\nD-84323 Massing<br \/>\nTel. +49 (0)8724 451<\/p>\n<hr \/>\n<p style=\"text-align: center;\"><strong>SCHLOSS ELMAU<\/strong><br \/>\nCultural Hideaway &amp; Luxury Spas *****<br \/>\nD-82493 Elmau-Obb.<br \/>\nTel. +49 (0)8823 18837<br \/>\nFax. +49 (0)8823 18849<br \/>\n<a href=\"http:\/\/www.schloss-elmau.de\" target=\"_blank\" rel=\"noopener\">www.schloss-elmau.de<\/a><\/p>\n<hr \/>\n<p style=\"text-align: center;\"><strong>WEIN &amp; LUKULL<\/strong><br \/>\nStefan Berger<br \/>\nKarl-Pfund-Weg 8<br \/>\nD-83661 Lenggries<br \/>\nTel. +49 (0)8042 8749<br \/>\n<a href=\"http:\/\/www.worldwidewine.de\" target=\"_blank\" rel=\"noopener\">www.worldwidewine.de<\/a><\/p>\n<p>[\/vc_column_text][\/vc_accordion_tab][vc_accordion_tab title=&#8220;ITALIEN&#8220;][vc_column_text css=&#8220;&#8220;]<\/p>\n<p style=\"text-align: center;\"><strong>Pizzicagnolo Di Gramola Guerino<\/strong><br \/>\nDelikatessengesch\u00e4ft<br \/>\nVia Cavalleggeri Udine, 5<br \/>\n38017 Mezzolombardo TN<br \/>\nTel.: 0461 606189<\/p>\n<p>[\/vc_column_text][\/vc_accordion_tab][vc_accordion_tab title=&#8220;SCHWEIZ&#8220;][vc_column_text]<\/p>\n<p style=\"text-align: center;\"><strong>Plangger Delikatessen Samnaun <\/strong><br \/>\nDorfstra\u00dfe 40<br \/>\nCH-7563 Samnaun<br \/>\n<a href=\"https:\/\/www.plangger.net\" target=\"_blank\" rel=\"noopener\">www.plangger.net<\/a><\/p>\n<p>[\/vc_column_text][\/vc_accordion_tab][\/vc_accordion][\/vc_column][\/vc_row][vc_row][vc_column][vc_separator type=&#8220;full_width&#8220; thickness=&#8220;4&#8243; up=&#8220;30&#8243; down=&#8220;30&#8243;][vc_column_text]<\/p>\n<h2>Verkauf auf M\u00e4rkten<\/h2>\n<p>[\/vc_column_text][\/vc_column][\/vc_row][vc_row][vc_column][vc_separator type=&#8220;transparent&#8220; thickness=&#8220;30&#8243; up=&#8220;10&#8243; down=&#8220;10&#8243;][\/vc_column][\/vc_row][vc_row][vc_column][vc_column_text]<\/p>\n<h3>Verkauf in S\u00fcdtirol<\/h3>\n<p>[\/vc_column_text][vc_column_text]<strong>Monatsm\u00e4rkte<\/strong> Sterzing, Brixen, Klausen (siehe Marktkalender)<br \/>\n<strong>Bozen:<\/strong> Flohmarkt, Vives, jeden 1. und 3. Samstag im Monat<br \/>\n<strong>Brennermarkt:<\/strong> jeden 5. und 20. des Monats<br \/>\n<strong>Brixen:<\/strong> Wochenmarkt, Acquarena, montags (ganzj\u00e4hrig)<br \/>\n<strong>Bruneck:<\/strong> Wochenmarkt, Autobusbahnhof, mittwochs (ganzj\u00e4hrig)<br \/>\n<strong>Glurns:<\/strong> Selenmarkt<br \/>\n<strong>Girlan<\/strong>: Martinimarkt<br \/>\n<strong>Klausen:<\/strong> Frischmarkt, samstags (Juni \u2013 September)<br \/>\n<strong>Lana:<\/strong> Wochenmarkt, Raiffeisenplatz, freitags (ganzj\u00e4hrig)<br \/>\n<strong>M\u00fchlbach:<\/strong> Wochenmarkt, Dorfzentrum, donnerstags (Juni \u2013 September)<br \/>\n<strong>Stegen:<\/strong> Maienmarkt<br \/>\n<strong>Stegen: <\/strong>Herbstmarkt<br \/>\n<strong>Sterzing:<\/strong> Sterzlmarkt, Stadtplatz, dienstags (Ostern \u2013 Ende Oktober)[\/vc_column_text][vc_separator type=&#8220;full_width&#8220; thickness=&#8220;4&#8243; up=&#8220;30&#8243; down=&#8220;30&#8243;][\/vc_column][\/vc_row][vc_row][vc_column][vc_row_inner][vc_column_inner width=&#8220;1\/2&#8243;][vc_column_text]<\/p>\n<h3>Verkauf in \u00d6sterreich<\/h3>\n<p>[\/vc_column_text][vc_column_text]<strong>Innsbruck\/Rum:<\/strong> Flohmarkt, sonntags, 7.00 \u2013 14.00 Uhr<br \/>\n<strong>Innsbruck\/Rum:<\/strong> Weihnachtsmarkt<br \/>\n<strong>Ehrwald i. Tirol:<\/strong> Wochenmarkt, mittwochnachmittags (ganzj\u00e4hrig)[\/vc_column_text][\/vc_column_inner][vc_column_inner width=&#8220;1\/2&#8243;][vc_column_text]<\/p>\n<h3>Verkauf in Deutschland<\/h3>\n<p>[\/vc_column_text][vc_column_text]<strong>N\u00fcrnberg\/Stein:<\/strong> Weihnachtsmarkt<br \/>\n<strong>Pfaffenhofen:<\/strong> Flohm\u00e4rkte<br \/>\n<strong>Partenkirchen:<\/strong> Wochenmarkt, donnerstagvormittags (ganzj\u00e4hrig)<br \/>\n<strong>Grainau:<\/strong> Wochenmarkt, donnerstagnachmittags (ganzj\u00e4hrig)<br \/>\n<strong>Garmisch:<\/strong> Wochenmarkt, freitagvormittags (ganzj\u00e4hrig)[\/vc_column_text][\/vc_column_inner][\/vc_row_inner][vc_separator up=&#8220;80&#8243; down=&#8220;80&#8243;][\/vc_column][\/vc_row]<\/p>\n<\/div>","protected":false},"excerpt":{"rendered":"<p>[vc_row type=&#8220;grid&#8220; background_color=&#8220;#ffffff&#8220; padding_top=&#8220;87&#8243; padding_bottom=&#8220;15&#8243;][vc_column][vc_column_text] Unsere Kunden [\/vc_column_text][vc_column_text] Wir beliefern s\u00e4mtliche Hotels und Pensionen im Ratschingser Ridnauntal sowie einige weitere Beherbergungsbetriebe in der Gemeinde Ratschings mit unseren Produkten. Unsere Abnehmer sch\u00e4tzen die Qualit\u00e4t aus S\u00fcdtirol und die Vielfalt des Sortiments aus unserem B\u00e4ckereibetrieb. Unsere Spezialbrote,&#8230;<\/p>\n","protected":false},"author":4,"featured_media":0,"parent":0,"menu_order":0,"comment_status":"open","ping_status":"open","template":"","meta":{"footnotes":""},"class_list":["post-13609","page","type-page","status-publish","hentry"],"_links":{"self":[{"href":"https:\/\/www.baeckerei-brunner.it\/ratschings-ridnaun\/wp-json\/wp\/v2\/pages\/13609","targetHints":{"allow":["GET"]}}],"collection":[{"href":"https:\/\/www.baeckerei-brunner.it\/ratschings-ridnaun\/wp-json\/wp\/v2\/pages"}],"about":[{"href":"https:\/\/www.baeckerei-brunner.it\/ratschings-ridnaun\/wp-json\/wp\/v2\/types\/page"}],"author":[{"embeddable":true,"href":"https:\/\/www.baeckerei-brunner.it\/ratschings-ridnaun\/wp-json\/wp\/v2\/users\/4"}],"replies":[{"embeddable":true,"href":"https:\/\/www.baeckerei-brunner.it\/ratschings-ridnaun\/wp-json\/wp\/v2\/comments?post=13609"}],"version-history":[{"count":149,"href":"https:\/\/www.baeckerei-brunner.it\/ratschings-ridnaun\/wp-json\/wp\/v2\/pages\/13609\/revisions"}],"predecessor-version":[{"id":17108,"href":"https:\/\/www.baeckerei-brunner.it\/ratschings-ridnaun\/wp-json\/wp\/v2\/pages\/13609\/revisions\/17108"}],"wp:attachment":[{"href":"https:\/\/www.baeckerei-brunner.it\/ratschings-ridnaun\/wp-json\/wp\/v2\/media?parent=13609"}],"curies":[{"name":"wp","href":"https:\/\/api.w.org\/{rel}","templated":true}]}}