{"id":16097,"date":"2014-11-21T19:35:12","date_gmt":"2014-11-21T17:35:12","guid":{"rendered":"http:\/\/baeckerei-brunner.it\/ratschings-ridnaun\/?page_id=16097"},"modified":"2024-01-30T19:01:12","modified_gmt":"2024-01-30T17:01:12","slug":"novita","status":"publish","type":"page","link":"https:\/\/www.baeckerei-brunner.it\/ratschings-ridnaun\/novita\/?lang=it","title":{"rendered":"Curiosit\u00e0"},"content":{"rendered":"<div class=\"wpb-content-wrapper\"><p>[vc_row][vc_column width=&#8220;1\/1&#8243;]<div class='q_masonry_blog'><article  class='post-17017 post type-post status-publish format-standard has-post-thumbnail hentry category-allgemein '><div class=\"q_masonry_blog_post_image\"><a href=\"https:\/\/www.baeckerei-brunner.it\/ratschings-ridnaun\/familie-brunner\/\" target=\"_self\"><img decoding=\"async\" src=\"https:\/\/www.baeckerei-brunner.it\/ratschings-ridnaun\/wp-content\/uploads\/2024\/02\/familie-brunner.jpg\" \/><\/a><\/div><div class=\"q_masonry_blog_post_text\"><h5 class=\"q_masonry_blog_title \"><a href=\"https:\/\/www.baeckerei-brunner.it\/ratschings-ridnaun\/familie-brunner\/\">Familie Brunner<\/a><\/h5><p class=\"q_masonry_blog_excerpt\">Unsere Familie bei einer Feier...<\/p><div class=\"q_masonry_blog_post_info\"><span class=\"time\">23 Februar, 2024<\/span><\/div><\/div><\/article><article  class='post-16433 post type-post status-publish format-standard has-post-thumbnail hentry category-allgemein '><div class=\"q_masonry_blog_post_image\"><a href=\"https:\/\/www.baeckerei-brunner.it\/ratschings-ridnaun\/pasta-grannies-oma-hilda\/\" target=\"_self\"><img decoding=\"async\" src=\"https:\/\/www.baeckerei-brunner.it\/ratschings-ridnaun\/wp-content\/uploads\/2020\/06\/oma-krapfen.jpg\" \/><\/a><\/div><div class=\"q_masonry_blog_post_text\"><h5 class=\"q_masonry_blog_title \"><a href=\"https:\/\/www.baeckerei-brunner.it\/ratschings-ridnaun\/pasta-grannies-oma-hilda\/\">Oma Hilda backt f\u00fcr uns auf &#8222;Pasta Grannies&#8220;<\/a><\/h5><p class=\"q_masonry_blog_excerpt\">Oma Hilda back auf \"Pasta Grannies\" Casinc\u00ed ...<\/p><div class=\"q_masonry_blog_post_info\"><span class=\"time\">17 Juni, 2020<\/span><\/div><\/div><\/article><article  class='post-16361 post type-post status-publish format-standard has-post-thumbnail hentry category-allgemein '><div class=\"q_masonry_blog_post_image\"><a href=\"https:\/\/www.baeckerei-brunner.it\/ratschings-ridnaun\/bericht-auf-suedtirol-heute\/\" target=\"_self\"><img decoding=\"async\" src=\"https:\/\/www.baeckerei-brunner.it\/ratschings-ridnaun\/wp-content\/uploads\/2018\/05\/suedtirol-heute.jpg\" \/><\/a><\/div><div class=\"q_masonry_blog_post_text\"><h5 class=\"q_masonry_blog_title \"><a href=\"https:\/\/www.baeckerei-brunner.it\/ratschings-ridnaun\/bericht-auf-suedtirol-heute\/\">Bericht auf S\u00fcdtirol heute<\/a><\/h5><p class=\"q_masonry_blog_excerpt\">Bericht \u00fcber die B\u00e4ckerei Brunner auf S\u00fcdtirol heute im Mai 2018...<\/p><div class=\"q_masonry_blog_post_info\"><span class=\"time\">31 Mai, 2018<\/span><\/div><\/div><\/article><article  class='post-16311 post type-post status-publish format-standard has-post-thumbnail hentry category-allgemein '><div class=\"q_masonry_blog_post_image\"><a href=\"https:\/\/www.baeckerei-brunner.it\/ratschings-ridnaun\/baecker-oder-baeckerlehrling-gesucht\/\" target=\"_self\"><img decoding=\"async\" src=\"https:\/\/www.baeckerei-brunner.it\/ratschings-ridnaun\/wp-content\/uploads\/2016\/09\/baecker_02.jpg\" \/><\/a><\/div><div class=\"q_masonry_blog_post_text\"><h5 class=\"q_masonry_blog_title \"><a href=\"https:\/\/www.baeckerei-brunner.it\/ratschings-ridnaun\/baecker-oder-baeckerlehrling-gesucht\/\">B\u00e4cker oder B\u00e4ckerlehrling gesucht<\/a><\/h5><p class=\"q_masonry_blog_excerpt\">Wir suchen einen B\u00e4cker oder B\u00e4ckerlehrling zum sofortigen Eintritt. Telefon: 0472 656204....<\/p><div class=\"q_masonry_blog_post_info\"><span class=\"time\">19 September, 2016<\/span><\/div><\/div><\/article><article  class='post-16306 post type-post status-publish format-standard has-post-thumbnail hentry category-allgemein '><div class=\"q_masonry_blog_post_image\"><a href=\"https:\/\/www.baeckerei-brunner.it\/ratschings-ridnaun\/mei-liabste-weis\/\" target=\"_self\"><img decoding=\"async\" src=\"https:\/\/www.baeckerei-brunner.it\/ratschings-ridnaun\/wp-content\/uploads\/2016\/07\/mei-liabste-weis.jpg\" \/><\/a><\/div><div class=\"q_masonry_blog_post_text\"><h5 class=\"q_masonry_blog_title \"><a href=\"https:\/\/www.baeckerei-brunner.it\/ratschings-ridnaun\/mei-liabste-weis\/\">Mei liabste Weis<\/a><\/h5><p class=\"q_masonry_blog_excerpt\">Die B\u00e4ckerei Brunner bei \"Mei liabste Weis\" mit Franz Posch...<\/p><div class=\"q_masonry_blog_post_info\"><span class=\"time\">04 Juli, 2016<\/span><\/div><\/div><\/article><article  class='post-16262 post type-post status-publish format-standard has-post-thumbnail hentry category-allgemein tag-ridnauner-schokoschuettler tag-schuettelbrot-mit-schokolade '><div class=\"q_masonry_blog_post_image\"><a href=\"https:\/\/www.baeckerei-brunner.it\/ratschings-ridnaun\/ridnauner-schoko-schuettler\/\" target=\"_self\"><img decoding=\"async\" src=\"https:\/\/www.baeckerei-brunner.it\/ratschings-ridnaun\/wp-content\/uploads\/2015\/02\/news-schokoschuettler.jpg\" \/><\/a><\/div><div class=\"q_masonry_blog_post_text\"><h5 class=\"q_masonry_blog_title \"><a href=\"https:\/\/www.baeckerei-brunner.it\/ratschings-ridnaun\/ridnauner-schoko-schuettler\/\">Ridnauner Schoko Sch\u00fcttler<\/a><\/h5><p class=\"q_masonry_blog_excerpt\">Neu in unserem Sortiment:\r\nDer Ridnauner Schoko Sch\u00fcttler!...<\/p><div class=\"q_masonry_blog_post_info\"><span class=\"time\">27 Februar, 2015<\/span><\/div><\/div><\/article><article  class='post-16055 post type-post status-publish format-standard has-post-thumbnail hentry category-allgemein tag-baeckerei-suedtirol tag-backtradition-suedtirol tag-suedtiroler-backwaren tag-weihnachtsbaeckerei tag-weihnachtskekse '><div class=\"q_masonry_blog_post_image\"><a href=\"https:\/\/www.baeckerei-brunner.it\/ratschings-ridnaun\/es-weihnachtet-sehr\/\" target=\"_self\"><img decoding=\"async\" src=\"https:\/\/www.baeckerei-brunner.it\/ratschings-ridnaun\/wp-content\/uploads\/2014\/11\/weihnachtskekse.jpg\" \/><\/a><\/div><div class=\"q_masonry_blog_post_text\"><h5 class=\"q_masonry_blog_title \"><a href=\"https:\/\/www.baeckerei-brunner.it\/ratschings-ridnaun\/es-weihnachtet-sehr\/\">Es weihnachtet sehr<\/a><\/h5><p class=\"q_masonry_blog_excerpt\">Auch unsere B\u00e4ckerei befindet sich wieder im vorweihnachtlichem Backfieber...<\/p><div class=\"q_masonry_blog_post_info\"><span class=\"time\">14 November, 2014<\/span><\/div><\/div><\/article><article  class='post-15900 post type-post status-publish format-gallery has-post-thumbnail hentry category-allgemein post_format-post-format-gallery '><div class=\"q_masonry_blog_post_image\"><div class=\"flexslider\"><ul class=\"slides\"><li><a target=\"_self\" href=\"https:\/\/www.baeckerei-brunner.it\/ratschings-ridnaun\/eroeffnungsfeier\/\"><img loading=\"lazy\" decoding=\"async\" width=\"1240\" height=\"609\" src=\"https:\/\/www.baeckerei-brunner.it\/ratschings-ridnaun\/wp-content\/uploads\/2014\/11\/news-eroeffnung.jpg\" class=\"attachment-full size-full\" alt=\"\" srcset=\"https:\/\/www.baeckerei-brunner.it\/ratschings-ridnaun\/wp-content\/uploads\/2014\/11\/news-eroeffnung.jpg 1240w, https:\/\/www.baeckerei-brunner.it\/ratschings-ridnaun\/wp-content\/uploads\/2014\/11\/news-eroeffnung-300x147.jpg 300w, https:\/\/www.baeckerei-brunner.it\/ratschings-ridnaun\/wp-content\/uploads\/2014\/11\/news-eroeffnung-1024x502.jpg 1024w\" sizes=\"auto, (max-width: 1240px) 100vw, 1240px\" \/><\/a><\/li><li><a target=\"_self\" href=\"https:\/\/www.baeckerei-brunner.it\/ratschings-ridnaun\/eroeffnungsfeier\/\"><img loading=\"lazy\" decoding=\"async\" width=\"1240\" height=\"609\" src=\"https:\/\/www.baeckerei-brunner.it\/ratschings-ridnaun\/wp-content\/uploads\/2014\/08\/eroeffnung14.jpg\" class=\"attachment-full size-full\" alt=\"\" srcset=\"https:\/\/www.baeckerei-brunner.it\/ratschings-ridnaun\/wp-content\/uploads\/2014\/08\/eroeffnung14.jpg 1240w, https:\/\/www.baeckerei-brunner.it\/ratschings-ridnaun\/wp-content\/uploads\/2014\/08\/eroeffnung14-300x147.jpg 300w, https:\/\/www.baeckerei-brunner.it\/ratschings-ridnaun\/wp-content\/uploads\/2014\/08\/eroeffnung14-1024x502.jpg 1024w\" sizes=\"auto, (max-width: 1240px) 100vw, 1240px\" \/><\/a><\/li><li><a target=\"_self\" href=\"https:\/\/www.baeckerei-brunner.it\/ratschings-ridnaun\/eroeffnungsfeier\/\"><img loading=\"lazy\" decoding=\"async\" width=\"1240\" height=\"609\" src=\"https:\/\/www.baeckerei-brunner.it\/ratschings-ridnaun\/wp-content\/uploads\/2014\/08\/eroeffnung12.jpg\" class=\"attachment-full size-full\" alt=\"\" srcset=\"https:\/\/www.baeckerei-brunner.it\/ratschings-ridnaun\/wp-content\/uploads\/2014\/08\/eroeffnung12.jpg 1240w, https:\/\/www.baeckerei-brunner.it\/ratschings-ridnaun\/wp-content\/uploads\/2014\/08\/eroeffnung12-300x147.jpg 300w, https:\/\/www.baeckerei-brunner.it\/ratschings-ridnaun\/wp-content\/uploads\/2014\/08\/eroeffnung12-1024x502.jpg 1024w\" sizes=\"auto, (max-width: 1240px) 100vw, 1240px\" \/><\/a><\/li><li><a target=\"_self\" href=\"https:\/\/www.baeckerei-brunner.it\/ratschings-ridnaun\/eroeffnungsfeier\/\"><img loading=\"lazy\" decoding=\"async\" width=\"1240\" height=\"609\" src=\"https:\/\/www.baeckerei-brunner.it\/ratschings-ridnaun\/wp-content\/uploads\/2014\/08\/eroeffnung13.jpg\" class=\"attachment-full size-full\" alt=\"\" srcset=\"https:\/\/www.baeckerei-brunner.it\/ratschings-ridnaun\/wp-content\/uploads\/2014\/08\/eroeffnung13.jpg 1240w, https:\/\/www.baeckerei-brunner.it\/ratschings-ridnaun\/wp-content\/uploads\/2014\/08\/eroeffnung13-300x147.jpg 300w, https:\/\/www.baeckerei-brunner.it\/ratschings-ridnaun\/wp-content\/uploads\/2014\/08\/eroeffnung13-1024x502.jpg 1024w\" sizes=\"auto, (max-width: 1240px) 100vw, 1240px\" \/><\/a><\/li><li><a target=\"_self\" href=\"https:\/\/www.baeckerei-brunner.it\/ratschings-ridnaun\/eroeffnungsfeier\/\"><img loading=\"lazy\" decoding=\"async\" width=\"1240\" height=\"609\" src=\"https:\/\/www.baeckerei-brunner.it\/ratschings-ridnaun\/wp-content\/uploads\/2014\/08\/eroffnung2.jpg\" class=\"attachment-full size-full\" alt=\"\" srcset=\"https:\/\/www.baeckerei-brunner.it\/ratschings-ridnaun\/wp-content\/uploads\/2014\/08\/eroffnung2.jpg 1240w, https:\/\/www.baeckerei-brunner.it\/ratschings-ridnaun\/wp-content\/uploads\/2014\/08\/eroffnung2-300x147.jpg 300w, https:\/\/www.baeckerei-brunner.it\/ratschings-ridnaun\/wp-content\/uploads\/2014\/08\/eroffnung2-1024x502.jpg 1024w\" sizes=\"auto, (max-width: 1240px) 100vw, 1240px\" \/><\/a><\/li><li><a target=\"_self\" href=\"https:\/\/www.baeckerei-brunner.it\/ratschings-ridnaun\/eroeffnungsfeier\/\"><img loading=\"lazy\" decoding=\"async\" width=\"1240\" height=\"609\" src=\"https:\/\/www.baeckerei-brunner.it\/ratschings-ridnaun\/wp-content\/uploads\/2014\/08\/eroeffnung3.jpg\" class=\"attachment-full size-full\" alt=\"\" srcset=\"https:\/\/www.baeckerei-brunner.it\/ratschings-ridnaun\/wp-content\/uploads\/2014\/08\/eroeffnung3.jpg 1240w, https:\/\/www.baeckerei-brunner.it\/ratschings-ridnaun\/wp-content\/uploads\/2014\/08\/eroeffnung3-300x147.jpg 300w, https:\/\/www.baeckerei-brunner.it\/ratschings-ridnaun\/wp-content\/uploads\/2014\/08\/eroeffnung3-1024x502.jpg 1024w\" sizes=\"auto, (max-width: 1240px) 100vw, 1240px\" \/><\/a><\/li><li><a target=\"_self\" href=\"https:\/\/www.baeckerei-brunner.it\/ratschings-ridnaun\/eroeffnungsfeier\/\"><img loading=\"lazy\" decoding=\"async\" width=\"1240\" height=\"609\" src=\"https:\/\/www.baeckerei-brunner.it\/ratschings-ridnaun\/wp-content\/uploads\/2014\/08\/eroeffnung4.jpg\" class=\"attachment-full size-full\" alt=\"\" srcset=\"https:\/\/www.baeckerei-brunner.it\/ratschings-ridnaun\/wp-content\/uploads\/2014\/08\/eroeffnung4.jpg 1240w, https:\/\/www.baeckerei-brunner.it\/ratschings-ridnaun\/wp-content\/uploads\/2014\/08\/eroeffnung4-300x147.jpg 300w, https:\/\/www.baeckerei-brunner.it\/ratschings-ridnaun\/wp-content\/uploads\/2014\/08\/eroeffnung4-1024x502.jpg 1024w\" sizes=\"auto, (max-width: 1240px) 100vw, 1240px\" \/><\/a><\/li><li><a target=\"_self\" href=\"https:\/\/www.baeckerei-brunner.it\/ratschings-ridnaun\/eroeffnungsfeier\/\"><img loading=\"lazy\" decoding=\"async\" width=\"1240\" height=\"609\" src=\"https:\/\/www.baeckerei-brunner.it\/ratschings-ridnaun\/wp-content\/uploads\/2014\/08\/eroeffnung5.jpg\" class=\"attachment-full size-full\" alt=\"\" srcset=\"https:\/\/www.baeckerei-brunner.it\/ratschings-ridnaun\/wp-content\/uploads\/2014\/08\/eroeffnung5.jpg 1240w, https:\/\/www.baeckerei-brunner.it\/ratschings-ridnaun\/wp-content\/uploads\/2014\/08\/eroeffnung5-300x147.jpg 300w, https:\/\/www.baeckerei-brunner.it\/ratschings-ridnaun\/wp-content\/uploads\/2014\/08\/eroeffnung5-1024x502.jpg 1024w\" sizes=\"auto, (max-width: 1240px) 100vw, 1240px\" \/><\/a><\/li><li><a target=\"_self\" href=\"https:\/\/www.baeckerei-brunner.it\/ratschings-ridnaun\/eroeffnungsfeier\/\"><img loading=\"lazy\" decoding=\"async\" width=\"1240\" height=\"609\" src=\"https:\/\/www.baeckerei-brunner.it\/ratschings-ridnaun\/wp-content\/uploads\/2014\/08\/eroeffnung6.jpg\" class=\"attachment-full size-full\" alt=\"\" srcset=\"https:\/\/www.baeckerei-brunner.it\/ratschings-ridnaun\/wp-content\/uploads\/2014\/08\/eroeffnung6.jpg 1240w, https:\/\/www.baeckerei-brunner.it\/ratschings-ridnaun\/wp-content\/uploads\/2014\/08\/eroeffnung6-300x147.jpg 300w, https:\/\/www.baeckerei-brunner.it\/ratschings-ridnaun\/wp-content\/uploads\/2014\/08\/eroeffnung6-1024x502.jpg 1024w\" sizes=\"auto, (max-width: 1240px) 100vw, 1240px\" \/><\/a><\/li><li><a target=\"_self\" href=\"https:\/\/www.baeckerei-brunner.it\/ratschings-ridnaun\/eroeffnungsfeier\/\"><img loading=\"lazy\" decoding=\"async\" width=\"1240\" height=\"609\" src=\"https:\/\/www.baeckerei-brunner.it\/ratschings-ridnaun\/wp-content\/uploads\/2014\/08\/eroeffnung7.jpg\" class=\"attachment-full size-full\" alt=\"\" srcset=\"https:\/\/www.baeckerei-brunner.it\/ratschings-ridnaun\/wp-content\/uploads\/2014\/08\/eroeffnung7.jpg 1240w, https:\/\/www.baeckerei-brunner.it\/ratschings-ridnaun\/wp-content\/uploads\/2014\/08\/eroeffnung7-300x147.jpg 300w, https:\/\/www.baeckerei-brunner.it\/ratschings-ridnaun\/wp-content\/uploads\/2014\/08\/eroeffnung7-1024x502.jpg 1024w\" sizes=\"auto, (max-width: 1240px) 100vw, 1240px\" \/><\/a><\/li><li><a target=\"_self\" href=\"https:\/\/www.baeckerei-brunner.it\/ratschings-ridnaun\/eroeffnungsfeier\/\"><img loading=\"lazy\" decoding=\"async\" width=\"1240\" height=\"609\" src=\"https:\/\/www.baeckerei-brunner.it\/ratschings-ridnaun\/wp-content\/uploads\/2014\/08\/eroeffnung8.jpg\" class=\"attachment-full size-full\" alt=\"\" srcset=\"https:\/\/www.baeckerei-brunner.it\/ratschings-ridnaun\/wp-content\/uploads\/2014\/08\/eroeffnung8.jpg 1240w, https:\/\/www.baeckerei-brunner.it\/ratschings-ridnaun\/wp-content\/uploads\/2014\/08\/eroeffnung8-300x147.jpg 300w, https:\/\/www.baeckerei-brunner.it\/ratschings-ridnaun\/wp-content\/uploads\/2014\/08\/eroeffnung8-1024x502.jpg 1024w\" sizes=\"auto, (max-width: 1240px) 100vw, 1240px\" \/><\/a><\/li><li><a target=\"_self\" href=\"https:\/\/www.baeckerei-brunner.it\/ratschings-ridnaun\/eroeffnungsfeier\/\"><img loading=\"lazy\" decoding=\"async\" width=\"1240\" height=\"609\" src=\"https:\/\/www.baeckerei-brunner.it\/ratschings-ridnaun\/wp-content\/uploads\/2014\/08\/eroeffnung9.jpg\" class=\"attachment-full size-full\" alt=\"\" srcset=\"https:\/\/www.baeckerei-brunner.it\/ratschings-ridnaun\/wp-content\/uploads\/2014\/08\/eroeffnung9.jpg 1240w, https:\/\/www.baeckerei-brunner.it\/ratschings-ridnaun\/wp-content\/uploads\/2014\/08\/eroeffnung9-300x147.jpg 300w, https:\/\/www.baeckerei-brunner.it\/ratschings-ridnaun\/wp-content\/uploads\/2014\/08\/eroeffnung9-1024x502.jpg 1024w\" sizes=\"auto, (max-width: 1240px) 100vw, 1240px\" \/><\/a><\/li><li><a target=\"_self\" href=\"https:\/\/www.baeckerei-brunner.it\/ratschings-ridnaun\/eroeffnungsfeier\/\"><img loading=\"lazy\" decoding=\"async\" width=\"1240\" height=\"609\" src=\"https:\/\/www.baeckerei-brunner.it\/ratschings-ridnaun\/wp-content\/uploads\/2014\/08\/eroeffnung10.jpg\" class=\"attachment-full size-full\" alt=\"\" srcset=\"https:\/\/www.baeckerei-brunner.it\/ratschings-ridnaun\/wp-content\/uploads\/2014\/08\/eroeffnung10.jpg 1240w, https:\/\/www.baeckerei-brunner.it\/ratschings-ridnaun\/wp-content\/uploads\/2014\/08\/eroeffnung10-300x147.jpg 300w, https:\/\/www.baeckerei-brunner.it\/ratschings-ridnaun\/wp-content\/uploads\/2014\/08\/eroeffnung10-1024x502.jpg 1024w\" sizes=\"auto, (max-width: 1240px) 100vw, 1240px\" \/><\/a><\/li><li><a target=\"_self\" href=\"https:\/\/www.baeckerei-brunner.it\/ratschings-ridnaun\/eroeffnungsfeier\/\"><img loading=\"lazy\" decoding=\"async\" width=\"1240\" height=\"609\" src=\"https:\/\/www.baeckerei-brunner.it\/ratschings-ridnaun\/wp-content\/uploads\/2014\/08\/eroeffnung11.jpg\" class=\"attachment-full size-full\" alt=\"\" srcset=\"https:\/\/www.baeckerei-brunner.it\/ratschings-ridnaun\/wp-content\/uploads\/2014\/08\/eroeffnung11.jpg 1240w, https:\/\/www.baeckerei-brunner.it\/ratschings-ridnaun\/wp-content\/uploads\/2014\/08\/eroeffnung11-300x147.jpg 300w, https:\/\/www.baeckerei-brunner.it\/ratschings-ridnaun\/wp-content\/uploads\/2014\/08\/eroeffnung11-1024x502.jpg 1024w\" sizes=\"auto, (max-width: 1240px) 100vw, 1240px\" \/><\/a><\/li><\/ul><\/div><\/div><div class=\"q_masonry_blog_post_text\"><h5 class=\"q_masonry_blog_title \"><a href=\"https:\/\/www.baeckerei-brunner.it\/ratschings-ridnaun\/eroeffnungsfeier\/\">Er\u00f6ffnungsfeier<\/a><\/h5><p class=\"q_masonry_blog_excerpt\">Nach weniger als sechs Monaten Bauzeit konnten wir Mitte Dezember 2013 unsere neue B\u00e4ckerei und das dazugeh\u00f6rige Gesch\u00e4ft er\u00f6ffnen....<\/p><div class=\"q_masonry_blog_post_info\"><span class=\"time\">25 Mai, 2014<\/span><\/div><\/div><\/article><article  class='post-16027 post type-post status-publish format-standard has-post-thumbnail hentry category-allgemein '><div class=\"q_masonry_blog_post_image\"><a href=\"https:\/\/www.baeckerei-brunner.it\/ratschings-ridnaun\/neues-geschaeft-bezogen\/\" target=\"_self\"><img decoding=\"async\" src=\"https:\/\/www.baeckerei-brunner.it\/ratschings-ridnaun\/wp-content\/uploads\/2013\/11\/neues-geschaeft.jpg\" \/><\/a><\/div><div class=\"q_masonry_blog_post_text\"><h5 class=\"q_masonry_blog_title \"><a href=\"https:\/\/www.baeckerei-brunner.it\/ratschings-ridnaun\/neues-geschaeft-bezogen\/\">Neues Gesch\u00e4ft bezogen!<\/a><\/h5><p class=\"q_masonry_blog_excerpt\">Wir haben es geschaftt! Am Freitag den 13. Dezember haben wir unser neues Gesch\u00e4ft und einige Tage sp\u00e4ter die B\u00e4ckerei bezogen....<\/p><div class=\"q_masonry_blog_post_info\"><span class=\"time\">13 November, 2013<\/span><\/div><\/div><\/article><article  class='post-16050 post type-post status-publish format-standard has-post-thumbnail hentry category-allgemein '><div class=\"q_masonry_blog_post_image\"><a href=\"https:\/\/www.baeckerei-brunner.it\/ratschings-ridnaun\/die-arbeiten-schreiten-voran\/\" target=\"_self\"><img decoding=\"async\" src=\"https:\/\/www.baeckerei-brunner.it\/ratschings-ridnaun\/wp-content\/uploads\/layerslider\/LayerSlider-5-responsive-demo-slider\/bg31.jpg\" \/><\/a><\/div><div class=\"q_masonry_blog_post_text\"><h5 class=\"q_masonry_blog_title \"><a href=\"https:\/\/www.baeckerei-brunner.it\/ratschings-ridnaun\/die-arbeiten-schreiten-voran\/\">Die Arbeiten schreiten voran&#8230;<\/a><\/h5><p class=\"q_masonry_blog_excerpt\">Wenn alles planm\u00e4\u00dfig verl\u00e4uft, (was wir nat\u00fcrlich hoffen), k\u00f6nnen wir Sie bereits Mitte Dezember 2013 in unserer neuen B\u00e4ckerei in Maiern willkommen hei\u00dfen.\r\nEgon und Erika Brunner mit Julia und Eva...<\/p><div class=\"q_masonry_blog_post_info\"><span class=\"time\">14 Juli, 2013<\/span><\/div><\/div><\/article><\/div>[\/vc_column][\/vc_row]<\/p>\n<\/div>","protected":false},"excerpt":{"rendered":"<p>[vc_row][vc_column width=&#8220;1\/1&#8243;][\/vc_column][\/vc_row]<\/p>\n","protected":false},"author":4,"featured_media":0,"parent":0,"menu_order":0,"comment_status":"open","ping_status":"closed","template":"","meta":{"footnotes":""},"class_list":["post-16097","page","type-page","status-publish","hentry"],"_links":{"self":[{"href":"https:\/\/www.baeckerei-brunner.it\/ratschings-ridnaun\/wp-json\/wp\/v2\/pages\/16097","targetHints":{"allow":["GET"]}}],"collection":[{"href":"https:\/\/www.baeckerei-brunner.it\/ratschings-ridnaun\/wp-json\/wp\/v2\/pages"}],"about":[{"href":"https:\/\/www.baeckerei-brunner.it\/ratschings-ridnaun\/wp-json\/wp\/v2\/types\/page"}],"author":[{"embeddable":true,"href":"https:\/\/www.baeckerei-brunner.it\/ratschings-ridnaun\/wp-json\/wp\/v2\/users\/4"}],"replies":[{"embeddable":true,"href":"https:\/\/www.baeckerei-brunner.it\/ratschings-ridnaun\/wp-json\/wp\/v2\/comments?post=16097"}],"version-history":[{"count":2,"href":"https:\/\/www.baeckerei-brunner.it\/ratschings-ridnaun\/wp-json\/wp\/v2\/pages\/16097\/revisions"}],"predecessor-version":[{"id":17012,"href":"https:\/\/www.baeckerei-brunner.it\/ratschings-ridnaun\/wp-json\/wp\/v2\/pages\/16097\/revisions\/17012"}],"wp:attachment":[{"href":"https:\/\/www.baeckerei-brunner.it\/ratschings-ridnaun\/wp-json\/wp\/v2\/media?parent=16097"}],"curies":[{"name":"wp","href":"https:\/\/api.w.org\/{rel}","templated":true}]}}